{"id":1091620,"date":"2024-08-20T11:52:06","date_gmt":"2024-08-20T11:52:06","guid":{"rendered":"https:\/\/novasdescobertas.org\/?page_id=1091620"},"modified":"2024-09-25T21:28:23","modified_gmt":"2024-09-25T21:28:23","slug":"vias-novas-descobertas","status":"publish","type":"page","link":"https:\/\/novasdescobertas.org\/en\/vias-novas-descobertas\/","title":{"rendered":"Vias Novas Descobertas"},"content":{"rendered":"\n[et_pb_section fb_built=&#8221;1&#8243; admin_label=&#8221;TBVS &#8211; Light &#8211; Content 3&#8243; module_class=&#8221;tbvs-section-light&#8221; _builder_version=&#8221;4.16&#8243; _module_preset=&#8221;default&#8221; global_colors_info=&#8221;{}&#8221; theme_builder_area=&#8221;post_content&#8221;][et_pb_row _builder_version=&#8221;4.27.0&#8243; _module_preset=&#8221;default&#8221; global_colors_info=&#8221;{}&#8221; theme_builder_area=&#8221;post_content&#8221;][et_pb_column type=&#8221;4_4&#8243; _builder_version=&#8221;4.16&#8243; _module_preset=&#8221;default&#8221; theme_builder_area=&#8221;post_content&#8221;][et_pb_image src=&#8221;https:\/\/novasdescobertas.org\/wp-content\/uploads\/2024\/08\/logo-vias.png&#8221; title_text=&#8221;logo-vias&#8221; _builder_version=&#8221;4.27.0&#8243; _module_preset=&#8221;default&#8221; custom_margin=&#8221;||31px|||&#8221; global_colors_info=&#8221;{}&#8221; theme_builder_area=&#8221;post_content&#8221;][\/et_pb_image][et_pb_image src=&#8221;https:\/\/novasdescobertas.org\/wp-content\/uploads\/2024\/08\/Erasmus_Logo.png&#8221; title_text=&#8221;Erasmus+_Logo&#8221; _builder_version=&#8221;4.27.0&#8243; _module_preset=&#8221;default&#8221; width=&#8221;25%&#8221; module_alignment=&#8221;center&#8221; global_colors_info=&#8221;{}&#8221; theme_builder_area=&#8221;post_content&#8221;][\/et_pb_image][et_pb_text _builder_version=&#8221;4.27.0&#8243; _module_preset=&#8221;9d3142b1-191d-4511-88d2-d54edee128e1&#8243; width=&#8221;60%&#8221; module_alignment=&#8221;center&#8221; global_colors_info=&#8221;{}&#8221; theme_builder_area=&#8221;post_content&#8221;]<h4 style=\"text-align: center;\">Este foi um projeto que equipou jovens com compet\u00eancias e ferramentas para que possam expor a sua voz, cultivar a sua atitude e contribuir ativamente para um desenvolvimento regenerativo a n\u00edvel social e ecol\u00f3gico.<\/h4>\n<p>&nbsp;<\/p>[\/et_pb_text][\/et_pb_column][\/et_pb_row][et_pb_row column_structure=&#8221;1_4,3_4&#8243; _builder_version=&#8221;4.27.0&#8243; _module_preset=&#8221;default&#8221; width_last_edited=&#8221;off|desktop&#8221; custom_margin=&#8221;|auto|-7px|auto||&#8221; custom_padding=&#8221;30px|40px|30px|40px|true|true&#8221; border_radii=&#8221;on|25px|25px|25px|25px&#8221; box_shadow_style=&#8221;preset1&#8243; global_colors_info=&#8221;{}&#8221; theme_builder_area=&#8221;post_content&#8221;][et_pb_column type=&#8221;1_4&#8243; _builder_version=&#8221;4.16&#8243; _module_preset=&#8221;default&#8221; theme_builder_area=&#8221;post_content&#8221;][et_pb_text _builder_version=&#8221;4.27.0&#8243; _module_preset=&#8221;9d3142b1-191d-4511-88d2-d54edee128e1&#8243; global_colors_info=&#8221;{}&#8221; theme_builder_area=&#8221;post_content&#8221;]<h2 style=\"text-align: center;\">Objetivos<\/h2>[\/et_pb_text][\/et_pb_column][et_pb_column type=&#8221;3_4&#8243; _builder_version=&#8221;4.16&#8243; _module_preset=&#8221;default&#8221; theme_builder_area=&#8221;post_content&#8221;][et_pb_text _builder_version=&#8221;4.27.0&#8243; _module_preset=&#8221;9d3142b1-191d-4511-88d2-d54edee128e1&#8243; text_line_height=&#8221;1.6em&#8221; custom_margin=&#8221;5px||18px||false|false&#8221; global_colors_info=&#8221;{}&#8221; theme_builder_area=&#8221;post_content&#8221;]<p style=\"text-align: left;\">Atendendo ao problema social da baixa participa\u00e7\u00e3o jovem na esfera social e c\u00edvica (e ao efeito de exclus\u00e3o social), definimos para este projeto v\u00e1rios objetivos, entre eles:<\/p>[\/et_pb_text][et_pb_text _builder_version=&#8221;4.27.0&#8243; _module_preset=&#8221;9d3142b1-191d-4511-88d2-d54edee128e1&#8243; min_height=&#8221;367px&#8221; custom_margin=&#8221;5px||23px||false|false&#8221; custom_padding=&#8221;0px|0px|0px|0px|true|true&#8221; global_colors_info=&#8221;{}&#8221; theme_builder_area=&#8221;post_content&#8221;]<h4>GERAL<\/h4>\n<ul>\n<li style=\"text-align: left;\">Desenvolver atividades de participa\u00e7\u00e3o jovem na sociedade com vista ao seu empoderamento e inclus\u00e3o social.<\/li>\n<\/ul>\n<h4>ESPEC\u00cdFICOS<\/h4>\n<ul>\n<li style=\"text-align: left;\">Fomentar o desenvolvimento de compet\u00eancias chave e verdes nos jovens com vista \u00e0 sua ativa\u00e7\u00e3o na resolu\u00e7\u00e3o de desafios comunit\u00e1rios e sociais<\/li>\n<li style=\"text-align: left;\">Envolver os jovens nos processos de mudan\u00e7a e de tomada de decis\u00e3o social e c\u00edvica<\/li>\n<li style=\"text-align: left;\"><span>Capacitar os jovens para face \u00e0s problem\u00e1ticas e tem\u00e1ticas do desenvolvimento regenerativo<\/span><\/li>\n<li style=\"text-align: left;\"><span>Envolver os jovens na comunidade, esfera social e c\u00edvica e ligar os jovens entre si para o fomento da colabora\u00e7\u00e3o e ajuda interpares<\/span><br \/><span><\/span><\/li>\n<li style=\"text-align: left;\"><span>Promover momentos de valoriza\u00e7\u00e3o e de reconhecimento de valor e potencial individual na constru\u00e7\u00e3o de um todo solid\u00e1rio e inclusivo.<\/span><\/li>\n<\/ul>[\/et_pb_text][\/et_pb_column][\/et_pb_row][\/et_pb_section][et_pb_section fb_built=&#8221;1&#8243; custom_padding_last_edited=&#8221;on|desktop&#8221; _builder_version=&#8221;4.27.0&#8243; _module_preset=&#8221;default&#8221; background_enable_color=&#8221;off&#8221; background_enable_image=&#8221;off&#8221; background_repeat=&#8221;repeat&#8221; background_blend=&#8221;multiply&#8221; background_pattern_horizontal_offset=&#8221;0%&#8221; custom_padding=&#8221;8px||8px||true|false&#8221; custom_padding_tablet=&#8221;81px||81px||true|&#8221; custom_padding_phone=&#8221;40px||40px||true|false&#8221; global_colors_info=&#8221;{%22gcid-bb1311c4-7d57-47d3-bda4-0b6421891de1%22:%91%22background_pattern_color%22%93,%22gcid-979b1cae-91af-4c35-af5a-311e7ef94597%22:%91%22background_color%22%93}&#8221; theme_builder_area=&#8221;post_content&#8221;][et_pb_row _builder_version=&#8221;4.27.0&#8243; _module_preset=&#8221;default&#8221; custom_margin=&#8221;0px|auto||auto||&#8221; custom_padding=&#8221;||82px|||&#8221; global_colors_info=&#8221;{}&#8221; theme_builder_area=&#8221;post_content&#8221;][et_pb_column type=&#8221;4_4&#8243; _builder_version=&#8221;4.27.0&#8243; _module_preset=&#8221;default&#8221; global_colors_info=&#8221;{}&#8221; theme_builder_area=&#8221;post_content&#8221;][et_pb_video src=&#8221;https:\/\/youtu.be\/ngf0e8Oo-dY?si=8dGW4Y16CqhivrNi&#8221; image_src=&#8221;\/\/i.ytimg.com\/vi\/ngf0e8Oo-dY\/hqdefault.jpg&#8221; play_icon_color=&#8221;gcid-77d1acf0-d340-4905-8f54-a6c24f676f3a&#8221; font_icon=&#8221;&#xf144;||fa||400&#8243; thumbnail_overlay_color=&#8221;gcid-108f1b40-2c45-4198-8502-eb1369eb5bef&#8221; _builder_version=&#8221;4.27.0&#8243; _module_preset=&#8221;default&#8221; custom_margin=&#8221;||-1px|||&#8221; border_radii=&#8221;on|12px|12px|12px|12px&#8221; box_shadow_style=&#8221;preset1&#8243; locked=&#8221;off&#8221; global_colors_info=&#8221;{%22gcid-77d1acf0-d340-4905-8f54-a6c24f676f3a%22:%91%22play_icon_color%22%93,%22gcid-108f1b40-2c45-4198-8502-eb1369eb5bef%22:%91%22thumbnail_overlay_color%22%93}&#8221; theme_builder_area=&#8221;post_content&#8221;][\/et_pb_video][\/et_pb_column][\/et_pb_row][\/et_pb_section][et_pb_section fb_built=&#8221;1&#8243; _builder_version=&#8221;4.27.0&#8243; _module_preset=&#8221;default&#8221; background_color=&#8221;gcid-463fe3dc-cb3d-43c1-986b-2b4b0abaa92c&#8221; background_enable_image=&#8221;off&#8221; background_size=&#8221;custom&#8221; background_image_width=&#8221;200px&#8221; background_repeat=&#8221;repeat&#8221; global_colors_info=&#8221;{%22gcid-463fe3dc-cb3d-43c1-986b-2b4b0abaa92c%22:%91%22background_color%22%93}&#8221; theme_builder_area=&#8221;post_content&#8221;][et_pb_row column_structure=&#8221;1_2,1_2&#8243; _builder_version=&#8221;4.16&#8243; _module_preset=&#8221;default&#8221; custom_padding=&#8221;||0px||false|false&#8221; global_colors_info=&#8221;{}&#8221; theme_builder_area=&#8221;post_content&#8221;][et_pb_column type=&#8221;1_2&#8243; _builder_version=&#8221;4.16&#8243; _module_preset=&#8221;default&#8221; theme_builder_area=&#8221;post_content&#8221;][et_pb_text _builder_version=&#8221;4.27.0&#8243; _module_preset=&#8221;9d3142b1-191d-4511-88d2-d54edee128e1&#8243; global_colors_info=&#8221;{}&#8221; theme_builder_area=&#8221;post_content&#8221;]<h2 style=\"text-align: left;\">Atividades Principais<\/h2>[\/et_pb_text][\/et_pb_column][et_pb_column type=&#8221;1_2&#8243; _builder_version=&#8221;4.16&#8243; _module_preset=&#8221;default&#8221; theme_builder_area=&#8221;post_content&#8221;][\/et_pb_column][\/et_pb_row][et_pb_row column_structure=&#8221;1_2,1_2&#8243; _builder_version=&#8221;4.16&#8243; _module_preset=&#8221;default&#8221; custom_padding=&#8221;||0px||false|false&#8221; global_colors_info=&#8221;{}&#8221; theme_builder_area=&#8221;post_content&#8221;][et_pb_column type=&#8221;1_2&#8243; _builder_version=&#8221;4.16&#8243; _module_preset=&#8221;default&#8221; theme_builder_area=&#8221;post_content&#8221;][et_pb_text _builder_version=&#8221;4.27.0&#8243; _module_preset=&#8221;9d3142b1-191d-4511-88d2-d54edee128e1&#8243; header_3_font=&#8221;Manrope||||||||&#8221; header_3_text_color=&#8221;gcid-af0ae395-f14b-404a-aee4-b31b43bd2cad&#8221; header_3_font_size=&#8221;25px&#8221; global_colors_info=&#8221;{%22gcid-heading-color%22:%91%22header_text_color%22,%22header_2_text_color%22,%22header_text_color%22,%22header_2_text_color%22%93,%22gcid-af0ae395-f14b-404a-aee4-b31b43bd2cad%22:%91%22header_3_text_color%22%93}&#8221; theme_builder_area=&#8221;post_content&#8221;]<h3 style=\"text-align: left;\" id=\"h_10497950821723987765740\">1) Capacita\u00e7\u00e3o Animadores Comunit\u00e1rios<\/h3>[\/et_pb_text][\/et_pb_column][et_pb_column type=&#8221;1_2&#8243; _builder_version=&#8221;4.16&#8243; _module_preset=&#8221;default&#8221; theme_builder_area=&#8221;post_content&#8221;][\/et_pb_column][\/et_pb_row][et_pb_row column_structure=&#8221;1_2,1_2&#8243; custom_padding_last_edited=&#8221;on|tablet&#8221; _builder_version=&#8221;4.27.0&#8243; _module_preset=&#8221;default&#8221; custom_padding=&#8221;0px||1px||false|false&#8221; custom_padding_tablet=&#8221;0px||||false|false&#8221; custom_padding_phone=&#8221;&#8221; global_colors_info=&#8221;{}&#8221; theme_builder_area=&#8221;post_content&#8221;][et_pb_column type=&#8221;1_2&#8243; _builder_version=&#8221;4.16&#8243; _module_preset=&#8221;default&#8221; theme_builder_area=&#8221;post_content&#8221;][et_pb_text _builder_version=&#8221;4.27.0&#8243; _module_preset=&#8221;8d58b38e-f6ab-400f-a216-ae8569ba3f69&#8243; theme_builder_area=&#8221;post_content&#8221;]<p><em>Nas seguintes fases:<\/em><br \/>(a) DESCOBRIR: Brainstorming \u2013 identifica\u00e7\u00e3o de necessidades, questionamento e reflex\u00e3o junto dos jovens para as problem\u00e1ticas atuais dentro da l\u00f3gica tem\u00e1tica do projeto;<\/p>\n<p>(b) APRENDER: capacita\u00e7\u00e3o em anima\u00e7\u00e3o e lideran\u00e7a \u2013 Forma\u00e7\u00e3o para a a\u00e7\u00e3o dos jovens, com vista a que desenvolvam compet\u00eancias chave e verdes e que ganhem conhecimento sobre como intervir com os jovens, como liderar, como facilitar e gerir grupos, incluindo situa\u00e7\u00f5es de menos oportunidades;<\/p>\n<p>(c ) FAZER: capacita\u00e7\u00e3o e contexto de trabalho \u2013 oportunidade de\u00a0<\/p>[\/et_pb_text][\/et_pb_column][et_pb_column type=&#8221;1_2&#8243; _builder_version=&#8221;4.16&#8243; _module_preset=&#8221;default&#8221; theme_builder_area=&#8221;post_content&#8221;][et_pb_text _builder_version=&#8221;4.27.0&#8243; _module_preset=&#8221;8d58b38e-f6ab-400f-a216-ae8569ba3f69&#8243; link_font=&#8221;Manrope|700|||||||&#8221; theme_builder_area=&#8221;post_content&#8221;]<p>trabalhar enquanto parte das equipa AND, em campos de f\u00e9rias e com os jovens pertencentes ao grupo \u201cAgentes Regenera\u00e7\u00e3o\u201d;<\/p>\n<p>(d) PARTILHAR: reflex\u00e3o avaliativa \u2013 momento final para reflex\u00e3o e avalia\u00e7\u00e3o de todo o processo de aprendizagem) e evento final \u2013 evento aberto \u00e0 comunidade para partilha dos resultados, dissemina\u00e7\u00e3o e cria\u00e7\u00e3o de redes para explora\u00e7\u00e3o)<\/p>\n<p>(f) ACOMPANHAMENTO E MENTORIA \u2013 processo continuado de apoio\/suporte aos jovens pela equipa do projeto e parceiros associados.<\/p>\n<p style=\"text-align: left;\"><a href=\"#animadores-comunitarios\">Ler mais<\/a><\/p>[\/et_pb_text][\/et_pb_column][\/et_pb_row][et_pb_row column_structure=&#8221;1_2,1_2&#8243; _builder_version=&#8221;4.16&#8243; _module_preset=&#8221;default&#8221; custom_padding=&#8221;||0px||false|false&#8221; global_colors_info=&#8221;{}&#8221; theme_builder_area=&#8221;post_content&#8221;][et_pb_column type=&#8221;1_2&#8243; _builder_version=&#8221;4.16&#8243; _module_preset=&#8221;default&#8221; theme_builder_area=&#8221;post_content&#8221;][et_pb_text _builder_version=&#8221;4.27.0&#8243; _module_preset=&#8221;9d3142b1-191d-4511-88d2-d54edee128e1&#8243; header_3_font=&#8221;Manrope||||||||&#8221; header_3_text_color=&#8221;gcid-af0ae395-f14b-404a-aee4-b31b43bd2cad&#8221; header_3_font_size=&#8221;25px&#8221; global_colors_info=&#8221;{%22gcid-heading-color%22:%91%22header_text_color%22,%22header_2_text_color%22,%22header_text_color%22,%22header_2_text_color%22%93,%22gcid-af0ae395-f14b-404a-aee4-b31b43bd2cad%22:%91%22header_3_text_color%22%93}&#8221; theme_builder_area=&#8221;post_content&#8221;]<h3 style=\"text-align: left;\" id=\"h_10497950821723987765740\"><span style=\"color: #a0d100;\">2) Capacita\u00e7\u00e3o de Agentes de Regenera\u00e7\u00e3o<\/span><\/h3>[\/et_pb_text][\/et_pb_column][et_pb_column type=&#8221;1_2&#8243; _builder_version=&#8221;4.16&#8243; _module_preset=&#8221;default&#8221; theme_builder_area=&#8221;post_content&#8221;][\/et_pb_column][\/et_pb_row][et_pb_row custom_padding_last_edited=&#8221;on|tablet&#8221; _builder_version=&#8221;4.27.0&#8243; _module_preset=&#8221;default&#8221; custom_padding=&#8221;0px||||false|false&#8221; custom_padding_tablet=&#8221;0px||||false|false&#8221; custom_padding_phone=&#8221;&#8221; global_colors_info=&#8221;{}&#8221; theme_builder_area=&#8221;post_content&#8221;][et_pb_column type=&#8221;4_4&#8243; _builder_version=&#8221;4.16&#8243; _module_preset=&#8221;default&#8221; theme_builder_area=&#8221;post_content&#8221;][et_pb_text _builder_version=&#8221;4.27.0&#8243; _module_preset=&#8221;8d58b38e-f6ab-400f-a216-ae8569ba3f69&#8243; theme_builder_area=&#8221;post_content&#8221;]<p style=\"text-align: left;\"><span>Capacita\u00e7\u00e3o de Agentes de Regenera\u00e7\u00e3o: segue a l\u00f3gica do anterior. O \u201caprender\u201d e \u201cfazer\u201d visam um trabalho de capacita\u00e7\u00e3o e de explora\u00e7\u00e3o de ideias e projetos dos jovens, por forma a ativar a sua participa\u00e7\u00e3o social e c\u00edvica na resolu\u00e7\u00e3o de desafios comuns e na esfera da sustentabilidade e regenera\u00e7\u00e3o ambiental.<\/span><\/p>\n<p style=\"text-align: left;\"><span><b><a href=\"#agentes-da-regeneracao\">Ler mais<\/a><\/b><\/span><\/p>[\/et_pb_text][\/et_pb_column][\/et_pb_row][et_pb_row column_structure=&#8221;1_2,1_2&#8243; _builder_version=&#8221;4.16&#8243; _module_preset=&#8221;default&#8221; custom_padding=&#8221;||0px||false|false&#8221; global_colors_info=&#8221;{}&#8221; theme_builder_area=&#8221;post_content&#8221;][et_pb_column type=&#8221;1_2&#8243; _builder_version=&#8221;4.16&#8243; _module_preset=&#8221;default&#8221; theme_builder_area=&#8221;post_content&#8221;][et_pb_text _builder_version=&#8221;4.27.0&#8243; _module_preset=&#8221;9d3142b1-191d-4511-88d2-d54edee128e1&#8243; header_3_font=&#8221;Manrope||||||||&#8221; header_3_text_color=&#8221;gcid-3b4ab54e-6e88-4a37-816e-269a22fccde4&#8243; header_3_font_size=&#8221;25px&#8221; global_colors_info=&#8221;{%22gcid-heading-color%22:%91%22header_text_color%22,%22header_2_text_color%22,%22header_text_color%22,%22header_2_text_color%22,%22header_text_color%22,%22header_2_text_color%22%93,%22gcid-3b4ab54e-6e88-4a37-816e-269a22fccde4%22:%91%22header_3_text_color%22%93}&#8221; theme_builder_area=&#8221;post_content&#8221;]<h3 style=\"text-align: left;\" id=\"h_10497950821723987765740\">3) Workshops Capacita\u00e7\u00e3o da Comunidade<\/h3>[\/et_pb_text][\/et_pb_column][et_pb_column type=&#8221;1_2&#8243; _builder_version=&#8221;4.16&#8243; _module_preset=&#8221;default&#8221; theme_builder_area=&#8221;post_content&#8221;][\/et_pb_column][\/et_pb_row][et_pb_row custom_padding_last_edited=&#8221;on|tablet&#8221; _builder_version=&#8221;4.27.0&#8243; _module_preset=&#8221;default&#8221; custom_padding=&#8221;0px||||false|false&#8221; custom_padding_tablet=&#8221;0px||||false|false&#8221; custom_padding_phone=&#8221;&#8221; global_colors_info=&#8221;{}&#8221; theme_builder_area=&#8221;post_content&#8221;][et_pb_column type=&#8221;4_4&#8243; _builder_version=&#8221;4.16&#8243; _module_preset=&#8221;default&#8221; theme_builder_area=&#8221;post_content&#8221;][et_pb_text _builder_version=&#8221;4.27.0&#8243; _module_preset=&#8221;8d58b38e-f6ab-400f-a216-ae8569ba3f69&#8243; theme_builder_area=&#8221;post_content&#8221;]<p style=\"text-align: left;\"><span>Transfer\u00eancia de conhecimento sobre os conceitos, desafios e a\u00e7\u00f5es necess\u00e1rias para a participa\u00e7\u00e3o social e c\u00edvica das comunidades nas iniciativas\/din\u00e2micas que visam a resolu\u00e7\u00e3o de problemas comuns.<\/span><\/p>\n<p style=\"text-align: left;\"><span><b><a href=\"#workshops-da-comunidade\">Ler mais<\/a><\/b><\/span><\/p>\n<p style=\"text-align: left;\"><\/p>[\/et_pb_text][\/et_pb_column][\/et_pb_row][\/et_pb_section][et_pb_section fb_built=&#8221;1&#8243; admin_label=&#8221;TBVS &#8211; Light &#8211; Content 16&#8243; module_id=&#8221;animadores-comunitarios&#8221; module_class=&#8221;tbvs-section-light&#8221; _builder_version=&#8221;4.27.0&#8243; _module_preset=&#8221;default&#8221; background_enable_color=&#8221;off&#8221; custom_padding=&#8221;||||false|false&#8221; global_colors_info=&#8221;{%22gcid-979b1cae-91af-4c35-af5a-311e7ef94597%22:%91%22background_color%22%93}&#8221; theme_builder_area=&#8221;post_content&#8221;][et_pb_row column_structure=&#8221;1_4,3_4&#8243; _builder_version=&#8221;4.27.0&#8243; _module_preset=&#8221;default&#8221; global_colors_info=&#8221;{}&#8221; theme_builder_area=&#8221;post_content&#8221;][et_pb_column type=&#8221;1_4&#8243; _builder_version=&#8221;4.16&#8243; _module_preset=&#8221;default&#8221; theme_builder_area=&#8221;post_content&#8221;][et_pb_text _builder_version=&#8221;4.27.0&#8243; _module_preset=&#8221;9d3142b1-191d-4511-88d2-d54edee128e1&#8243; header_2_text_color=&#8221;gcid-af0ae395-f14b-404a-aee4-b31b43bd2cad&#8221; header_3_font=&#8221;Manrope||||||||&#8221; header_3_text_color=&#8221;gcid-af0ae395-f14b-404a-aee4-b31b43bd2cad&#8221; custom_margin=&#8221;12px|-19px|0px||false|false&#8221; custom_padding=&#8221;||10px|||&#8221; global_colors_info=&#8221;{%22gcid-heading-color%22:%91%22header_text_color%22,%22header_2_text_color%22,%22header_text_color%22,%22header_text_color%22%93,%22gcid-af0ae395-f14b-404a-aee4-b31b43bd2cad%22:%91%22header_2_text_color%22,%22header_3_text_color%22%93}&#8221; theme_builder_area=&#8221;post_content&#8221;]<h2 style=\"text-align: left;\">Animadores Comunit\u00e1rios<\/h2>[\/et_pb_text][\/et_pb_column][et_pb_column type=&#8221;3_4&#8243; _builder_version=&#8221;4.16&#8243; _module_preset=&#8221;default&#8221; theme_builder_area=&#8221;post_content&#8221;][et_pb_text content_last_edited=&#8221;off|desktop&#8221; _builder_version=&#8221;4.27.0&#8243; _module_preset=&#8221;8d58b38e-f6ab-400f-a216-ae8569ba3f69&#8243; custom_margin=&#8221;2px||4px|||&#8221; custom_padding=&#8221;|40px||0px|false|false&#8221; theme_builder_area=&#8221;post_content&#8221;]<p style=\"text-align: left;\"><span>Uma oportunidade para capacitar jovens com ferramentas para a lideran\u00e7a e facilita\u00e7\u00e3o de grupos, que incluiu uma a\u00e7\u00e3o de mobilidade residencial durante 8 dias, bem como variadas oportunidades de capacita\u00e7\u00e3o em contexto pr\u00e1tico e acompanhamento e mentoria individualizada do percurso de aprendizagem de novos ANIMADORES COMUNIT\u00c1RIOS.<\/span><\/p>[\/et_pb_text][\/et_pb_column][\/et_pb_row][et_pb_row column_structure=&#8221;1_4,3_4&#8243; _builder_version=&#8221;4.27.0&#8243; _module_preset=&#8221;default&#8221; custom_margin=&#8221;35px|auto||auto||&#8221; custom_padding=&#8221;0px|||||&#8221; global_colors_info=&#8221;{}&#8221; theme_builder_area=&#8221;post_content&#8221;][et_pb_column type=&#8221;1_4&#8243; _builder_version=&#8221;4.16&#8243; _module_preset=&#8221;default&#8221; custom_padding_tablet=&#8221;||30px||false|false&#8221; custom_padding_phone=&#8221;&#8221; custom_padding_last_edited=&#8221;on|tablet&#8221; theme_builder_area=&#8221;post_content&#8221;][\/et_pb_column][et_pb_column type=&#8221;3_4&#8243; _builder_version=&#8221;4.27.0&#8243; _module_preset=&#8221;default&#8221; background_enable_color=&#8221;off&#8221; custom_padding=&#8221;0px|0px|0px|0px|true|true&#8221; theme_builder_area=&#8221;post_content&#8221;][et_pb_text _builder_version=&#8221;4.27.0&#8243; _module_preset=&#8221;9d3142b1-191d-4511-88d2-d54edee128e1&#8243; header_3_font=&#8221;Manrope||||||||&#8221; header_3_text_color=&#8221;gcid-body-color&#8221; global_colors_info=&#8221;{%22gcid-heading-color%22:%91%22header_text_color%22,%22header_2_text_color%22,%22header_text_color%22%93,%22gcid-body-color%22:%91%22header_3_text_color%22%93}&#8221; theme_builder_area=&#8221;post_content&#8221;]<h3>Descobrir<\/h3>[\/et_pb_text][et_pb_text _builder_version=&#8221;4.27.0&#8243; _module_preset=&#8221;8d58b38e-f6ab-400f-a216-ae8569ba3f69&#8243; theme_builder_area=&#8221;post_content&#8221;]<p>Numa fase inicial foram feitas a\u00e7\u00f5es colaborativas para olhar para as tem\u00e1ticas do projecto e poss\u00edveis dire\u00e7\u00f5es do projecto.<\/p>[\/et_pb_text][et_pb_image src=&#8221;https:\/\/novasdescobertas.org\/wp-content\/uploads\/2024\/08\/descobrir.jpg&#8221; title_text=&#8221;descobrir&#8221; _builder_version=&#8221;4.27.0&#8243; _module_preset=&#8221;default&#8221; global_colors_info=&#8221;{}&#8221; theme_builder_area=&#8221;post_content&#8221;][\/et_pb_image][\/et_pb_column][\/et_pb_row][et_pb_row column_structure=&#8221;1_4,3_4&#8243; _builder_version=&#8221;4.27.0&#8243; _module_preset=&#8221;default&#8221; custom_padding=&#8221;40px|||||&#8221; global_colors_info=&#8221;{}&#8221; theme_builder_area=&#8221;post_content&#8221;][et_pb_column type=&#8221;1_4&#8243; _builder_version=&#8221;4.16&#8243; _module_preset=&#8221;default&#8221; custom_padding_tablet=&#8221;||30px||false|false&#8221; custom_padding_phone=&#8221;&#8221; custom_padding_last_edited=&#8221;on|tablet&#8221; theme_builder_area=&#8221;post_content&#8221;][\/et_pb_column][et_pb_column type=&#8221;3_4&#8243; _builder_version=&#8221;4.16&#8243; _module_preset=&#8221;default&#8221; background_enable_color=&#8221;off&#8221; custom_padding=&#8221;0px|0px|0px|0px|true|true&#8221; theme_builder_area=&#8221;post_content&#8221;][et_pb_text _builder_version=&#8221;4.27.0&#8243; _module_preset=&#8221;9d3142b1-191d-4511-88d2-d54edee128e1&#8243; header_3_font=&#8221;Manrope||||||||&#8221; header_3_text_color=&#8221;gcid-body-color&#8221; global_colors_info=&#8221;{%22gcid-heading-color%22:%91%22header_text_color%22,%22header_2_text_color%22,%22header_text_color%22,%22header_text_color%22,%22header_2_text_color%22,%22header_3_text_color%22%93,%22gcid-body-color%22:%91%22header_3_text_color%22%93}&#8221; theme_builder_area=&#8221;post_content&#8221;]<h3>Aprender<\/h3>[\/et_pb_text][et_pb_text _builder_version=&#8221;4.27.0&#8243; _module_preset=&#8221;8d58b38e-f6ab-400f-a216-ae8569ba3f69&#8243; custom_margin=&#8221;||16px|||&#8221; theme_builder_area=&#8221;post_content&#8221;]<p>Uma a\u00e7\u00e3o de mobilidade que recebeu mais de 20 participantes durante 8 dias, numa experi\u00eancia residencial focada na capacita\u00e7\u00e3o em ferramentas e facilita\u00e7\u00e3o de grupos, restaura\u00e7\u00e3o de ecossistemas e lideran\u00e7a juvenil.<\/p>[\/et_pb_text][et_pb_button button_url=&#8221;https:\/\/www.projectonovasdescobertas.org\/formacao-animadores-comunitarios-animacao-e-lideranca-para-a-regeneracao%20&#8243; url_new_window=&#8221;on&#8221; button_text=&#8221;Forma\u00e7\u00e3o Animadores Comunit\u00e1rios&#8221; button_alignment=&#8221;left&#8221; _builder_version=&#8221;4.27.0&#8243; _module_preset=&#8221;a691ede7-30c0-4983-98e0-60ba03e7193c&#8221; custom_margin=&#8221;25px|-1px|25px|-1px|true|true&#8221; global_colors_info=&#8221;{}&#8221; theme_builder_area=&#8221;post_content&#8221;][\/et_pb_button][et_pb_image src=&#8221;https:\/\/novasdescobertas.org\/wp-content\/uploads\/2024\/08\/vias-APRENDER02.jpg&#8221; title_text=&#8221;vias-APRENDER02&#8243; _builder_version=&#8221;4.27.0&#8243; _module_preset=&#8221;default&#8221; custom_margin=&#8221;1px|||||&#8221; global_colors_info=&#8221;{}&#8221; theme_builder_area=&#8221;post_content&#8221;][\/et_pb_image][et_pb_text _builder_version=&#8221;4.27.0&#8243; _module_preset=&#8221;8d58b38e-f6ab-400f-a216-ae8569ba3f69&#8243; global_colors_info=&#8221;{}&#8221; theme_builder_area=&#8221;post_content&#8221;]<p>Uma a\u00e7\u00e3o de mobilidade que recebeu mais de 20 participantes durante 8 dias, numa experi\u00eancia residencial focada na capacita\u00e7\u00e3o em ferramentas e facilita\u00e7\u00e3o de grupos, restaura\u00e7\u00e3o de ecossistemas e lideran\u00e7a juvenil.<\/p>[\/et_pb_text][et_pb_button button_url=&#8221;https:\/\/drive.google.com\/file\/d\/1C60twh7Vs-Y7TkdyvWXmKTucg2TnROi1\/view?usp=drive_link&#8221; url_new_window=&#8221;on&#8221; button_text=&#8221;Conhe\u00e7a o esquema desta a\u00e7\u00e3o&#8221; button_alignment=&#8221;left&#8221; _builder_version=&#8221;4.27.0&#8243; _module_preset=&#8221;4a1205bc-2bc7-43b3-8442-2cb52e0acc5e&#8221; custom_margin=&#8221;25px|-1px|25px|-1px|true|true&#8221; global_colors_info=&#8221;{}&#8221; theme_builder_area=&#8221;post_content&#8221;][\/et_pb_button][et_pb_text _builder_version=&#8221;4.27.0&#8243; _module_preset=&#8221;9d3142b1-191d-4511-88d2-d54edee128e1&#8243; global_colors_info=&#8221;{}&#8221; theme_builder_area=&#8221;post_content&#8221;]<h4 style=\"text-align: left;\">O QUE MARCOU OS PARTICIPANTES DESTA EXPERI\u00caNCIA<\/h4>\n<p style=\"text-align: left;\">Foi muito mais parecido com os acampamentos de ver\u00e3o do que eu esperava, foi muito divertido atividades e jogos de forma\u00e7\u00e3o de equipes.<\/p>\n<p style=\"text-align: left;\">A experi\u00eancia que mais me marcou foi a intera\u00e7\u00e3o que tive com as crian\u00e7as do OTL. Apesar de estar encarregue destas crian\u00e7as ser uma grande responsabilidade, senti uma liberdade imensa, quando estava rodeada por eles. Uma liberdade de me exprimir sem ser julgada. Al\u00e9m disso, senti que esta forma\u00e7\u00e3o ajudou imenso a minha express\u00e3o\/comunica\u00e7\u00e3o e ensinou-me a n\u00e3o ter medo de os fazer.<\/p>\n<p style=\"text-align: left;\">A Forma\u00e7\u00e3o Novas Descobertas j\u00e1 por si \u00e9 uma experi\u00eancia \u00fanica e hol\u00edstica. Creio que o que mais me tenha marcado foi exatamente a amplitude e o encontro interdisciplinar desta Forma\u00e7\u00e3o e a Consci\u00eancia multidimensional do ser humano, trazida a cada indiv\u00edduo e situa\u00e7\u00e3o, com o objetivo de realmente integrar a Regenera\u00e7\u00e3o socio-ecol\u00f3gica.<\/p>[\/et_pb_text][et_pb_button button_url=&#8221;https:\/\/www.projectonovasdescobertas.org\/formacao-animadores-comunitarios-animacao-e-lideranca-para-a-regeneracao%20&#8243; button_text=&#8221;Veja aqui mais informa\u00e7\u00f5es acerca desta forma\u00e7\u00e3o&#8221; button_alignment=&#8221;left&#8221; _builder_version=&#8221;4.27.0&#8243; _module_preset=&#8221;4a1205bc-2bc7-43b3-8442-2cb52e0acc5e&#8221; custom_margin=&#8221;25px|-1px|0px|-1px|false|true&#8221; global_colors_info=&#8221;{}&#8221; theme_builder_area=&#8221;post_content&#8221;][\/et_pb_button][\/et_pb_column][\/et_pb_row][et_pb_row column_structure=&#8221;1_4,3_4&#8243; _builder_version=&#8221;4.27.0&#8243; _module_preset=&#8221;default&#8221; custom_padding=&#8221;48px|||||&#8221; global_colors_info=&#8221;{}&#8221; theme_builder_area=&#8221;post_content&#8221;][et_pb_column type=&#8221;1_4&#8243; _builder_version=&#8221;4.16&#8243; _module_preset=&#8221;default&#8221; custom_padding_tablet=&#8221;||30px||false|false&#8221; custom_padding_phone=&#8221;&#8221; custom_padding_last_edited=&#8221;on|tablet&#8221; theme_builder_area=&#8221;post_content&#8221;][\/et_pb_column][et_pb_column type=&#8221;3_4&#8243; _builder_version=&#8221;4.16&#8243; _module_preset=&#8221;default&#8221; background_enable_color=&#8221;off&#8221; custom_padding=&#8221;0px|0px|0px|0px|true|true&#8221; theme_builder_area=&#8221;post_content&#8221;][et_pb_text _builder_version=&#8221;4.27.0&#8243; _module_preset=&#8221;9d3142b1-191d-4511-88d2-d54edee128e1&#8243; header_3_font=&#8221;Manrope||||||||&#8221; header_3_text_color=&#8221;gcid-body-color&#8221; global_colors_info=&#8221;{%22gcid-heading-color%22:%91%22header_text_color%22,%22header_2_text_color%22,%22header_text_color%22,%22header_text_color%22,%22header_2_text_color%22,%22header_3_text_color%22,%22header_text_color%22,%22header_2_text_color%22,%22header_3_text_color%22%93,%22gcid-body-color%22:%91%22header_3_text_color%22%93}&#8221; theme_builder_area=&#8221;post_content&#8221;]<h3>Fazer<\/h3>[\/et_pb_text][et_pb_text _builder_version=&#8221;4.27.0&#8243; _module_preset=&#8221;9d3142b1-191d-4511-88d2-d54edee128e1&#8243; custom_margin=&#8221;||16px|||&#8221; global_colors_info=&#8221;{}&#8221; theme_builder_area=&#8221;post_content&#8221;]<h4>CAPACITA\u00c7\u00c3O EM CONTEXTO PR\u00c1TICO<\/h4>\n<p style=\"text-align: left;\">Aos participantes foi dada a oportunidade de aplicar na pr\u00e1tica as t\u00e9cnicas aprendidas, incluindo a participa\u00e7\u00e3o em diferentes a\u00e7\u00f5es AND durante a primavera e ver\u00e3o (programa de escolas, campos de f\u00e9rias).<\/p>\n<div class=\"n2-ss-margin\">\n<div id=\"n2-ss-181-align\" class=\"n2-ss-align n2-ss-slider-align-visible\">\n<div class=\"n2-padding\">\n<div id=\"n2-ss-181\" data-creator=\"Smart Slider 3\" class=\"n2-ss-slider n2-ow n2-has-hover n2-ss-load-fade n2-ss-loaded n2-ss-desktop\" data-minfontsizedesktopportrait=\"1\" data-minfontsizedesktoplandscape=\"1\" data-minfontsizetabletportrait=\"1\" data-minfontsizetabletlandscape=\"1\" data-minfontsizemobileportrait=\"1\" data-minfontsizemobilelandscape=\"1\" data-fontsize=\"16\">\n<div class=\"n2-ss-slider-1 n2-ss-swipe-element n2-ow n2-grab\">\n<div class=\"n2-ss-slider-2 n2-ow\">\n<div class=\"n2-ss-slider-3 n2-ow\">\n<div class=\"n2-ss-slide-backgrounds\">\n<div data-hash=\"338e112ec446a86244f8a1166dcb170c\" data-desktop=\"\/\/www.projectonovasdescobertas.org\/wp-content\/uploads\/2024\/05\/vias-FAZER01.jpg\" class=\"n2-ss-slide-background n2-ow\" data-opacity=\"1\" data-blur=\"0\" data-mode=\"fill\" data-x=\"50\" data-y=\"50\">\n<div class=\"n2-ss-slide-background-mask\"><\/div>\n<\/div>\n<\/div>\n<\/div>\n<\/div>\n<\/div>\n<\/div>\n<\/div>\n<\/div>\n<\/div>[\/et_pb_text][et_pb_image src=&#8221;https:\/\/novasdescobertas.org\/wp-content\/uploads\/2024\/08\/vias-FAZER01.jpg&#8221; title_text=&#8221;vias-FAZER01&#8243; _builder_version=&#8221;4.27.0&#8243; _module_preset=&#8221;default&#8221; custom_margin=&#8221;1px|||||&#8221; global_colors_info=&#8221;{}&#8221; theme_builder_area=&#8221;post_content&#8221;][\/et_pb_image][et_pb_text _builder_version=&#8221;4.27.0&#8243; _module_preset=&#8221;9d3142b1-191d-4511-88d2-d54edee128e1&#8243; text_orientation=&#8221;left&#8221; custom_margin=&#8221;5px||-10px||false|false&#8221; global_colors_info=&#8221;{}&#8221; theme_builder_area=&#8221;post_content&#8221;]<p>No sentido de sedimentar as aprendizagens e participar na constru\u00e7\u00e3o do programa de atividades da a\u00e7\u00e3o de mobilidade AGENTES DE REGENERA\u00c7\u00c3O parte dos participantes integraram a experi\u00eancia de uma comunidade de aprendizagem ao longo do m\u00eas de Outubro. Nesta temporada foi criado um plano de a\u00e7\u00e3o coletivo, que integrou v\u00e1rias atividades com foco na cria\u00e7\u00e3o de ferramentas e din\u00e2micas para a prepara\u00e7\u00e3o de espa\u00e7os, atividades e evento comunit\u00e1rio. Desta fase surgiram:<\/p>\n<p>1) Novos canteiros de plantas arom\u00e1ticas e um conjunto de atividades acerca de plantas medicinais; inclui cria\u00e7\u00e3o do conceito<span>\u00a0<\/span><b>Ch\u00e1s D\u2019AQUI<\/b>, e posterior atividades com um ponto de informa\u00e7\u00e3o e dinamiza\u00e7\u00e3o da prepara\u00e7\u00e3o de ch\u00e1s naturais com plantas medicinais cultivadas no nosso espa\u00e7o educativo.<\/p>\n<p>2) Cria\u00e7\u00e3o de atividade<span>\u00a0<\/span><b>PERCURSO<\/b><span>\u00a0<\/span>de interpreta\u00e7\u00e3o do ecossistema que nos circunda; a ser desenvolvido para atividades de caminhada com crian\u00e7as e jovens.<\/p>\n<p>3) a<span>\u00a0<\/span><b>BIBLIOTECA DE GENTE<\/b>, uma a\u00e7\u00e3o inspirada no trabalho de Ronni Abergel com a Human Library, uma plataforma de aprendizagem que visa melhorar a nossa compreens\u00e3o da diversidade, a fim de ajudar a criar comunidades mais inclusivas e coesas, considerando as diferen\u00e7as culturais, religiosas, sociais e \u00e9tnicas.<\/p>\n<p>4) a<span>\u00a0<\/span><a href=\"https:\/\/protective-niece-57e.notion.site\/Metodologia-Ciclo-Novas-Descobertas-69e85e93aed741c4bdab4cc1d8d27fec\" target=\"_blank\" rel=\"noopener\"><b>COMUNIDADE<\/b><span>\u00a0<\/span>de aprendizagem Novas Descobertas<\/a>, e o estudo de um prot\u00f3tipo para a cria\u00e7\u00e3o de um espa\u00e7o online para cria\u00e7\u00e3o e partilha de conte\u00fados e recursos juntos de Animadores Comunit\u00e1rios e Agentes de Regenera\u00e7\u00e3o, parceiros e participantes desta aprendizagem coletiva.<\/p>\n<p>5)<span>\u00a0<\/span><a href=\"https:\/\/docs.google.com\/document\/d\/1PJ430bhnapeqWwZ411oVpEFVejetnmX6TEB0OHiOCnA\/edit?usp=sharing\" target=\"_blank\" rel=\"noopener\">cria\u00e7\u00e3o de um<span>\u00a0<\/span><b>BOOKLET<\/b><\/a><span>\u00a0<\/span>e documentos prot\u00f3tipo para o desenvolvimento de material de comunica\u00e7\u00e3o acerca da facilita\u00e7\u00e3o e anima\u00e7\u00e3o de grupos \u2013 metodologia NOVAS DESCOBERTAS<\/p>[\/et_pb_text][\/et_pb_column][\/et_pb_row][et_pb_row column_structure=&#8221;1_4,3_4&#8243; _builder_version=&#8221;4.27.0&#8243; _module_preset=&#8221;default&#8221; custom_margin=&#8221;29px|auto||auto||&#8221; global_colors_info=&#8221;{}&#8221; theme_builder_area=&#8221;post_content&#8221;][et_pb_column type=&#8221;1_4&#8243; _builder_version=&#8221;4.16&#8243; _module_preset=&#8221;default&#8221; custom_padding_tablet=&#8221;||30px||false|false&#8221; custom_padding_phone=&#8221;&#8221; custom_padding_last_edited=&#8221;on|tablet&#8221; theme_builder_area=&#8221;post_content&#8221;][\/et_pb_column][et_pb_column type=&#8221;3_4&#8243; _builder_version=&#8221;4.16&#8243; _module_preset=&#8221;default&#8221; background_enable_color=&#8221;off&#8221; custom_padding=&#8221;0px|0px|0px|0px|true|true&#8221; theme_builder_area=&#8221;post_content&#8221;][et_pb_text _builder_version=&#8221;4.27.0&#8243; _module_preset=&#8221;9d3142b1-191d-4511-88d2-d54edee128e1&#8243; header_3_font=&#8221;Manrope||||||||&#8221; header_3_text_color=&#8221;gcid-body-color&#8221; global_colors_info=&#8221;{%22gcid-heading-color%22:%91%22header_text_color%22,%22header_2_text_color%22,%22header_text_color%22,%22header_text_color%22,%22header_2_text_color%22,%22header_3_text_color%22,%22header_text_color%22,%22header_2_text_color%22,%22header_3_text_color%22%93,%22gcid-body-color%22:%91%22header_3_text_color%22%93}&#8221; theme_builder_area=&#8221;post_content&#8221;]<h3>Partilhar<\/h3>[\/et_pb_text][et_pb_text _builder_version=&#8221;4.27.0&#8243; _module_preset=&#8221;9d3142b1-191d-4511-88d2-d54edee128e1&#8243; custom_margin=&#8221;||16px|||&#8221; global_colors_info=&#8221;{}&#8221; theme_builder_area=&#8221;post_content&#8221;]<h4>AVALIA\u00c7\u00c3O E EVENTO FINAL<\/h4>\n<p style=\"text-align: left;\">No sentido de apresentar resultados e dinamizar a aprendizagem foi organizado um dia aberto \u00e0 comunidade, com apresenta\u00e7\u00e3o de resultados, celebra\u00e7\u00e3o e reflex\u00e3o de aprendizagens. Este foi um dia rico e din\u00e2mico, onde existiu a oportunidade de colocar uma vez mais em pr\u00e1tica as ideias e piloto de prot\u00f3tipo de atividades.<\/p>\n<div class=\"n2-ss-margin\">\n<div id=\"n2-ss-181-align\" class=\"n2-ss-align n2-ss-slider-align-visible\">\n<div class=\"n2-padding\">\n<div id=\"n2-ss-181\" data-creator=\"Smart Slider 3\" class=\"n2-ss-slider n2-ow n2-has-hover n2-ss-load-fade n2-ss-loaded n2-ss-desktop\" data-minfontsizedesktopportrait=\"1\" data-minfontsizedesktoplandscape=\"1\" data-minfontsizetabletportrait=\"1\" data-minfontsizetabletlandscape=\"1\" data-minfontsizemobileportrait=\"1\" data-minfontsizemobilelandscape=\"1\" data-fontsize=\"16\">\n<div class=\"n2-ss-slider-1 n2-ss-swipe-element n2-ow n2-grab\">\n<div class=\"n2-ss-slider-2 n2-ow\">\n<div class=\"n2-ss-slider-3 n2-ow\">\n<div class=\"n2-ss-slide-backgrounds\">\n<div data-hash=\"338e112ec446a86244f8a1166dcb170c\" data-desktop=\"\/\/www.projectonovasdescobertas.org\/wp-content\/uploads\/2024\/05\/vias-FAZER01.jpg\" class=\"n2-ss-slide-background n2-ow\" data-opacity=\"1\" data-blur=\"0\" data-mode=\"fill\" data-x=\"50\" data-y=\"50\">\n<div class=\"n2-ss-slide-background-mask\"><\/div>\n<\/div>\n<\/div>\n<\/div>\n<\/div>\n<\/div>\n<\/div>\n<\/div>\n<\/div>\n<\/div>[\/et_pb_text][\/et_pb_column][\/et_pb_row][\/et_pb_section][et_pb_section fb_built=&#8221;1&#8243; admin_label=&#8221;TBVS &#8211; Light &#8211; Content 16&#8243; module_id=&#8221;agentes-da-regeneracao&#8221; module_class=&#8221;tbvs-section-light&#8221; _builder_version=&#8221;4.27.0&#8243; _module_preset=&#8221;default&#8221; background_enable_color=&#8221;off&#8221; global_colors_info=&#8221;{%22gcid-514e1f56-64e4-4cd9-87ff-476ac8da84e6%22:%91%22background_color%22%93}&#8221; theme_builder_area=&#8221;post_content&#8221;][et_pb_row column_structure=&#8221;1_4,3_4&#8243; _builder_version=&#8221;4.27.0&#8243; _module_preset=&#8221;default&#8221; global_colors_info=&#8221;{}&#8221; theme_builder_area=&#8221;post_content&#8221;][et_pb_column type=&#8221;1_4&#8243; _builder_version=&#8221;4.16&#8243; _module_preset=&#8221;default&#8221; theme_builder_area=&#8221;post_content&#8221;][et_pb_text _builder_version=&#8221;4.27.0&#8243; _module_preset=&#8221;default&#8221; text_text_color=&#8221;#a0d100&#8243; header_2_font=&#8221;Manrope|700|||||||&#8221; header_2_text_align=&#8221;left&#8221; header_2_text_color=&#8221;#a0d100&#8243; width=&#8221;110%&#8221; custom_margin=&#8221;||||false|false&#8221; custom_padding=&#8221;||||false|false&#8221; global_colors_info=&#8221;{%22gcid-heading-color%22:%91%22header_text_color%22,%22header_text_color%22%93,%22gcid-8d4429fb-b08a-4a54-a96f-9a8f953fde90%22:%91%22header_3_text_color%22,%22header_3_text_color%22%93}&#8221; theme_builder_area=&#8221;post_content&#8221;]<h2>Agentes da Regenera\u00e7\u00e3o<\/h2>[\/et_pb_text][\/et_pb_column][et_pb_column type=&#8221;3_4&#8243; _builder_version=&#8221;4.16&#8243; _module_preset=&#8221;default&#8221; theme_builder_area=&#8221;post_content&#8221;][et_pb_text content_last_edited=&#8221;off|desktop&#8221; _builder_version=&#8221;4.27.0&#8243; _module_preset=&#8221;8d58b38e-f6ab-400f-a216-ae8569ba3f69&#8243; custom_margin=&#8221;2px||25px|||&#8221; custom_padding=&#8221;|0px||0px|false|false&#8221; theme_builder_area=&#8221;post_content&#8221;]<p style=\"text-align: left;\"><span>Nesta fase do projecto o foco esteve virado para a regenera\u00e7\u00e3o eco-social, sendo seleccionado um grupo de jovens (residentes em zonas rurais, e na sua maioria filhos de migrantes) para este efeito. Durante esta fase os Animadores Comunit\u00e1rios foram mentorados no sentido de oferecer as atividades para o novo grupo a ser capacitado em lideran\u00e7a e desenho colaborativo para a a\u00e7\u00e3o regenerativa.<\/span><br \/><span>Como atividade chave desta etapa aconteceu uma a\u00e7\u00e3o de capacita\u00e7\u00e3o residencial de 10 dias e respectivo evento final de apresenta\u00e7\u00e3o de resultados.<\/span><span><\/span><\/p>[\/et_pb_text][et_pb_button button_url=&#8221;https:\/\/www.canva.com\/login\/?redirect=%2Fdesign%2FDAFb8hvPPAI%2FT6vThGNW06NM6sGPQnwbfg%2Fview%3Futm_content%3DDAFb8hvPPAI%26utm_campaign%3Ddesignshare%26utm_medium%3Dlink%26utm_source%3Dpublishsharelink&#8221; url_new_window=&#8221;on&#8221; button_text=&#8221;Veja aqui mais informa\u00e7\u00f5es acerca desta forma\u00e7\u00e3o&#8221; button_alignment=&#8221;left&#8221; _builder_version=&#8221;4.27.0&#8243; _module_preset=&#8221;a691ede7-30c0-4983-98e0-60ba03e7193c&#8221; custom_margin=&#8221;15px|-2px|15px|-2px|true|true&#8221; global_colors_info=&#8221;{}&#8221; theme_builder_area=&#8221;post_content&#8221;][\/et_pb_button][et_pb_button button_url=&#8221;https:\/\/www.projectonovasdescobertas.org\/wp-content\/themes\/twentyfourteen\/docs2023\/agentes-de-regeneracao_programa23.pdf&#8221; button_text=&#8221;Conhe\u00e7a o programa desta a\u00e7\u00e3o&#8221; button_alignment=&#8221;left&#8221; _builder_version=&#8221;4.27.0&#8243; _module_preset=&#8221;4a1205bc-2bc7-43b3-8442-2cb52e0acc5e&#8221; custom_margin=&#8221;15px|1px|15px|1px|true|true&#8221; global_colors_info=&#8221;{}&#8221; theme_builder_area=&#8221;post_content&#8221;][\/et_pb_button][\/et_pb_column][\/et_pb_row][\/et_pb_section][et_pb_section fb_built=&#8221;1&#8243; admin_label=&#8221;TBVS &#8211; Light &#8211; Content 16&#8243; module_id=&#8221;workshops-da-comunidade&#8221; module_class=&#8221;tbvs-section-light&#8221; _builder_version=&#8221;4.27.0&#8243; _module_preset=&#8221;default&#8221; background_enable_color=&#8221;off&#8221; custom_padding=&#8221;||0px|||&#8221; global_colors_info=&#8221;{%22gcid-514e1f56-64e4-4cd9-87ff-476ac8da84e6%22:%91%22background_color%22%93}&#8221; theme_builder_area=&#8221;post_content&#8221;][et_pb_row column_structure=&#8221;1_4,3_4&#8243; _builder_version=&#8221;4.27.0&#8243; _module_preset=&#8221;default&#8221; global_colors_info=&#8221;{}&#8221; theme_builder_area=&#8221;post_content&#8221;][et_pb_column type=&#8221;1_4&#8243; _builder_version=&#8221;4.16&#8243; _module_preset=&#8221;default&#8221; theme_builder_area=&#8221;post_content&#8221;][et_pb_text _builder_version=&#8221;4.27.0&#8243; _module_preset=&#8221;default&#8221; text_text_color=&#8221;#a0d100&#8243; header_2_font=&#8221;Manrope|700|||||||&#8221; header_2_text_align=&#8221;left&#8221; header_2_text_color=&#8221;gcid-3b4ab54e-6e88-4a37-816e-269a22fccde4&#8243; width=&#8221;110%&#8221; custom_margin=&#8221;||||false|false&#8221; custom_padding=&#8221;||||false|false&#8221; global_colors_info=&#8221;{%22gcid-heading-color%22:%91%22header_text_color%22,%22header_text_color%22%93,%22gcid-8d4429fb-b08a-4a54-a96f-9a8f953fde90%22:%91%22header_3_text_color%22,%22header_3_text_color%22%93,%22gcid-3b4ab54e-6e88-4a37-816e-269a22fccde4%22:%91%22header_2_text_color%22%93}&#8221; theme_builder_area=&#8221;post_content&#8221;]<h2>Workshops da Comunidade<\/h2>[\/et_pb_text][\/et_pb_column][et_pb_column type=&#8221;3_4&#8243; _builder_version=&#8221;4.16&#8243; _module_preset=&#8221;default&#8221; theme_builder_area=&#8221;post_content&#8221;][et_pb_text content_last_edited=&#8221;off|desktop&#8221; _builder_version=&#8221;4.27.0&#8243; _module_preset=&#8221;8d58b38e-f6ab-400f-a216-ae8569ba3f69&#8243; custom_margin=&#8221;2px||25px|||&#8221; custom_padding=&#8221;|0px||0px|false|false&#8221; theme_builder_area=&#8221;post_content&#8221;]<p style=\"text-align: left;\"><span>Ainda parte deste projeto foram facilitadas 7 workshops para a comunidade. Estas a\u00e7\u00f5es pontuais ofereceram ferramentas diversas, incluindo tert\u00falias e visitas guiadas no nosso espa\u00e7o, com foco em t\u00f3picos chave; regenerar solos, plantar \u00e1gua, conhecer a biodiversidade e ferramentas para a lideran\u00e7a e colabora\u00e7\u00e3o regenerativas.<\/span><\/p>[\/et_pb_text][et_pb_image src=&#8221;https:\/\/novasdescobertas.org\/wp-content\/uploads\/2024\/08\/vias-work-comunidade.jpg&#8221; title_text=&#8221;vias-work-comunidade&#8221; _builder_version=&#8221;4.27.0&#8243; _module_preset=&#8221;default&#8221; custom_margin=&#8221;1px|||||&#8221; global_colors_info=&#8221;{}&#8221; theme_builder_area=&#8221;post_content&#8221;][\/et_pb_image][et_pb_text content_last_edited=&#8221;off|desktop&#8221; _builder_version=&#8221;4.27.0&#8243; _module_preset=&#8221;9d3142b1-191d-4511-88d2-d54edee128e1&#8243; custom_margin=&#8221;||16px|||&#8221; global_colors_info=&#8221;{}&#8221; theme_builder_area=&#8221;post_content&#8221;]<h4>REFLEX\u00d5ES E AGREDECIMENTOS<\/h4>\n<p style=\"text-align: left;\">A oportunidade de levar at\u00e9 aos jovens a possibilidade de conhecer ferramentas e prototipar ideias leva \u00e0 possibilidade de um envolvimento potenciado \u00e0 participa\u00e7\u00e3o juvenil. Jovens atentos e capacitados podem funcionar como catalisadores de mudan\u00e7a e empoderamento numa gera\u00e7\u00e3o que precisa de novas ferramentas.<br \/>Estamos gratos pela confian\u00e7a e oportunidade de levar a cabo estas a\u00e7\u00f5es, apresentando-nos como um local-chave de aprendizagem n\u00e3o formal dentro do nosso concelho e arredores. Em profundo compromisso as nossas equipas crescem com estas oportunidades, e assim chegam a mais jovens, crian\u00e7as, adultos e ecossistemas.<\/p>\n<p style=\"text-align: left;\"><\/p>\n<h4 style=\"text-align: left;\">MAIS ACERCA DESTE PROJECTO<\/h4>[\/et_pb_text][et_pb_button button_url=&#8221;https:\/\/www.canva.com\/design\/DAF-K6RBIKY\/dd0G7Vg9BadE39FiUbVzxw\/view?utm_content=DAF-K6RBIKY&#038;utm_campaign=designshare&#038;utm_medium=link&#038;utm_source=editor&#8221; url_new_window=&#8221;on&#8221; button_text=&#8221;Leia o relat\u00f3rio visual&#8221; button_alignment=&#8221;left&#8221; _builder_version=&#8221;4.27.0&#8243; _module_preset=&#8221;a691ede7-30c0-4983-98e0-60ba03e7193c&#8221; custom_margin=&#8221;0px|0px|0px|0px|true|true&#8221; global_colors_info=&#8221;{}&#8221; theme_builder_area=&#8221;post_content&#8221;][\/et_pb_button][et_pb_button button_url=&#8221;https:\/\/protective-niece-57e.notion.site\/Metodologia-Ciclo-Novas-Descobertas-69e85e93aed741c4bdab4cc1d8d27fec&#8221; url_new_window=&#8221;on&#8221; button_text=&#8221;Espreite um pouco da comunidade online&#8221; button_alignment=&#8221;left&#8221; _builder_version=&#8221;4.27.0&#8243; _module_preset=&#8221;4a1205bc-2bc7-43b3-8442-2cb52e0acc5e&#8221; custom_margin=&#8221;15px|0px|15px|0px|true|true&#8221; global_colors_info=&#8221;{}&#8221; theme_builder_area=&#8221;post_content&#8221;][\/et_pb_button][et_pb_button button_url=&#8221;https:\/\/www.instagram.com\/p\/Cy3UZRKosTS\/?img_index=1&#8243; url_new_window=&#8221;on&#8221; button_text=&#8221;Veja nas nossas redes sociais 01&#8243; button_alignment=&#8221;left&#8221; _builder_version=&#8221;4.27.0&#8243; _module_preset=&#8221;4a1205bc-2bc7-43b3-8442-2cb52e0acc5e&#8221; custom_margin=&#8221;15px|0px|15px|0px|true|true&#8221; global_colors_info=&#8221;{}&#8221; theme_builder_area=&#8221;post_content&#8221;][\/et_pb_button][et_pb_button button_url=&#8221;https:\/\/www.instagram.com\/p\/Cy8P91-or3H\/?img_index=1&#8243; url_new_window=&#8221;on&#8221; button_text=&#8221;Veja nas nossas redes sociais 02&#8243; button_alignment=&#8221;left&#8221; _builder_version=&#8221;4.27.0&#8243; _module_preset=&#8221;4a1205bc-2bc7-43b3-8442-2cb52e0acc5e&#8221; custom_margin=&#8221;15px|0px|15px|0px|true|true&#8221; global_colors_info=&#8221;{}&#8221; theme_builder_area=&#8221;post_content&#8221;][\/et_pb_button][\/et_pb_column][\/et_pb_row][\/et_pb_section][et_pb_section fb_built=&#8221;1&#8243; admin_label=&#8221;TBVS &#8211; Light &#8211; Content 9&#8243; module_class=&#8221;tbvs-section-light&#8221; _builder_version=&#8221;4.16&#8243; _module_preset=&#8221;default&#8221; custom_padding=&#8221;0px|||||&#8221; global_colors_info=&#8221;{}&#8221; theme_builder_area=&#8221;post_content&#8221;][et_pb_row _builder_version=&#8221;4.27.0&#8243; _module_preset=&#8221;default&#8221; global_colors_info=&#8221;{}&#8221; theme_builder_area=&#8221;post_content&#8221;][et_pb_column type=&#8221;4_4&#8243; _builder_version=&#8221;4.27.0&#8243; _module_preset=&#8221;default&#8221; global_colors_info=&#8221;{}&#8221; theme_builder_area=&#8221;post_content&#8221;][et_pb_image src=&#8221;https:\/\/novasdescobertas.org\/wp-content\/uploads\/2024\/08\/logos-bottom.png&#8221; title_text=&#8221;logos-bottom&#8221; align=&#8221;center&#8221; _builder_version=&#8221;4.27.0&#8243; _module_preset=&#8221;default&#8221; global_colors_info=&#8221;{}&#8221; theme_builder_area=&#8221;post_content&#8221;][\/et_pb_image][\/et_pb_column][\/et_pb_row][\/et_pb_section]\n","protected":false},"excerpt":{"rendered":"<p>Este foi um projeto que equipou jovens com compet\u00eancias e ferramentas para que possam expor a sua voz, cultivar a sua atitude e contribuir ativamente para um desenvolvimento regenerativo a n\u00edvel social e ecol\u00f3gico. &nbsp;ObjetivosAtendendo ao problema social da baixa participa\u00e7\u00e3o jovem na esfera social e c\u00edvica (e ao efeito de exclus\u00e3o social), definimos para [&hellip;]<\/p>\n","protected":false},"author":1,"featured_media":1089193,"parent":0,"menu_order":0,"comment_status":"closed","ping_status":"closed","template":"","meta":{"_acf_changed":false,"_et_pb_use_builder":"on","_et_pb_old_content":"","_et_gb_content_width":"","footnotes":""},"class_list":["post-1091620","page","type-page","status-publish","has-post-thumbnail","hentry"],"acf":[],"_links":{"self":[{"href":"https:\/\/novasdescobertas.org\/en\/wp-json\/wp\/v2\/pages\/1091620","targetHints":{"allow":["GET"]}}],"collection":[{"href":"https:\/\/novasdescobertas.org\/en\/wp-json\/wp\/v2\/pages"}],"about":[{"href":"https:\/\/novasdescobertas.org\/en\/wp-json\/wp\/v2\/types\/page"}],"author":[{"embeddable":true,"href":"https:\/\/novasdescobertas.org\/en\/wp-json\/wp\/v2\/users\/1"}],"replies":[{"embeddable":true,"href":"https:\/\/novasdescobertas.org\/en\/wp-json\/wp\/v2\/comments?post=1091620"}],"version-history":[{"count":39,"href":"https:\/\/novasdescobertas.org\/en\/wp-json\/wp\/v2\/pages\/1091620\/revisions"}],"predecessor-version":[{"id":1092445,"href":"https:\/\/novasdescobertas.org\/en\/wp-json\/wp\/v2\/pages\/1091620\/revisions\/1092445"}],"wp:featuredmedia":[{"embeddable":true,"href":"https:\/\/novasdescobertas.org\/en\/wp-json\/wp\/v2\/media\/1089193"}],"wp:attachment":[{"href":"https:\/\/novasdescobertas.org\/en\/wp-json\/wp\/v2\/media?parent=1091620"}],"curies":[{"name":"wp","href":"https:\/\/api.w.org\/{rel}","templated":true}]}}